{"id":1022,"date":"2016-01-31T14:09:36","date_gmt":"2016-01-31T14:09:36","guid":{"rendered":"http:\/\/autonomia.hu\/?page_id=1022"},"modified":"2025-10-22T14:14:55","modified_gmt":"2025-10-22T14:14:55","slug":"rolunk","status":"publish","type":"page","link":"https:\/\/autonomia.hu\/hu\/rolunk\/","title":{"rendered":"R\u00f3lunk"},"content":{"rendered":"<p>Az Alap\u00edtv\u00e1ny egy szellemi- \u00e9s gyakorlati m\u0171hely, amely<\/p>\n<p>&#8211; egyenl\u0151s\u00e9gelv\u0171 inkl\u00fazi\u00f3s megold\u00e1sokat, javaslatokat ny\u00fajt roma szakpolitik\u00e1k alak\u00edt\u00e1shoz, illetve;<\/p>\n<p>&#8211; szakmai t\u00e1mogat\u00e1st ad, egy\u00fcttm\u0171k\u00f6dik kisk\u00f6z\u00f6ss\u00e9gekkel, telep\u00fcl\u00e9sekkel, int\u00e9zm\u00e9nyekkel, seg\u00edti az el\u0151rel\u00e9p\u00e9shez sz\u00fcks\u00e9ges bizalom, egy\u00fcttm\u0171k\u00f6d\u00e9s ki\u00e9p\u00edt\u00e9s\u00e9t,<\/p>\n<p>&#8211; munk\u00e1j\u00e1val t\u00e1mogatja az akt\u00edv civil \u00f6nszervez\u0151d\u00e9sek l\u00e9trej\u00f6tt\u00e9t \u00e9s meger\u0151s\u00f6d\u00e9s\u00e9t.<\/p>\n<p>Az Auton\u00f3mia a rendszerv\u00e1lt\u00e1s ut\u00e1n, 1990-ben az egyik els\u0151 f\u00fcggetlen alap\u00edtv\u00e1nyk\u00e9nt j\u00f6tt l\u00e9tre, mely a roma emancip\u00e1ci\u00f3t \u00e9s a civil szervezetek t\u00e1mogat\u00e1s\u00e1t misszi\u00f3k\u00e9nt kit\u0171zve fejleszt\u00e9si programokat ind\u00edtott Magyarorsz\u00e1gon \u00e9s a r\u00e9gi\u00f3ban.<\/p>\n<p>Az alap\u00edtv\u00e1ny l\u00e9trej\u00f6tt\u00e9ben el\u00e9v\u00fclhetetlen \u00e9rdemei vannak els\u0151 igazgat\u00f3nknak, B\u00edr\u00f3 Andr\u00e1snak, aki hossz\u00fa \u00e9vtizedek ut\u00e1n Magyarorsz\u00e1gra visszat\u00e9rve az 1980-as \u00e9vek v\u00e9g\u00e9n meg\u00e1lmodta majd 1990-ben \u2013 tengerent\u00fali filantr\u00f3p szervezetek k\u00f6zrem\u0171k\u00f6d\u00e9s\u00e9vel \u2013 l\u00e9trehozta szervezet\u00fcnket. Az 1990-es \u00e9vekben lerakott m\u00f3dszertani alapokat, \u2013 a rugalmas \u00e9s fair, de k\u00f6vetkezetes t\u00e1mogat\u00f3i gyakorlatot, a monitoring rendszert \u2013 m\u00e1r az alap\u00edtv\u00e1ny m\u00e1sodik igazgat\u00f3ja, Csongor Anna finom\u00edtotta tov\u00e1bb. Ugyan\u0151 \u00e1ll\u00edtotta \u00e1t az alap\u00edtv\u00e1nyt \u00faj alapokra az els\u0151 10 \u00e9ves m\u0171k\u00f6d\u00e9s\u00fcnket finansz\u00edroz\u00f3 nagy amerikai t\u00e1mogat\u00f3k r\u00e9gi\u00f3b\u00f3l t\u00f6rt\u00e9n\u0151 kivonul\u00e1sa ut\u00e1n. 2013 \u00f3ta az alap\u00edtv\u00e1nyn\u00e1l 1996 \u00f3ta dolgoz\u00f3 Nun Andr\u00e1s az igazgat\u00f3nk.<\/p>\n<p><span lang=\"HU\">Eredm\u00e9nyeinek elismer\u00e9sek\u00e9nt 1995-ben B\u00edr\u00f3 Andr\u00e1s \u00e9s az alap\u00edtv\u00e1ny\u00a0alternat\u00edv Nobel-d\u00edjat, ugyan ebben az \u00e9vben a Magyar Korm\u00e1nyt\u00f3l a Kisebbs\u00e9gek\u00e9rt D\u00edjat, majd 2015-ben Sozial Marie d\u00edjat kapott.<\/span><\/p>\n<h3><span class=\"s1\"><b>Alap\u00e9rt\u00e9keink<\/b><\/span><\/h3>\n<h4><span class=\"s1\"><b>Nyitotts\u00e1g<\/b><\/span><\/h4>\n<p><span class=\"s1\">Tev\u00e9kenys\u00e9g\u00fcnk a p\u00e1rbesz\u00e9dre \u00e9s az egy\u00fcttm\u0171k\u00f6d\u00e9sre \u00e9p\u00fcl, nyitottak vagyunk az \u00faj \u00f6tletek \u00e9s megold\u00e1sok ir\u00e1nt.<\/span><\/p>\n<h4><span class=\"s1\"><b>F\u00fcggetlens\u00e9g<\/b><\/span><\/h4>\n<p>Szervezet\u00fcnk a mindenkori korm\u00e1nyt\u00f3l valamint egy\u00e9b int\u00e9zm\u00e9nyekt\u0151l \u00e9s szem\u00e9lyekt\u0151l f\u00fcggetlen. Tev\u00e9kenys\u00e9g\u00fcnket, c\u00e9ljainkat a demokratikus m\u0171k\u00f6d\u00e9s \u00e9s az \u00e1tl\u00e1that\u00f3s\u00e1g elvei ment\u00e9n val\u00f3s\u00edtjuk meg.<\/p>\n<h4><span class=\"s1\"><b>Szakmais\u00e1g<\/b><\/span><\/h4>\n<p><span class=\"s1\">Mindenkor tiszteletben tartjuk a az \u00e9rintettek ig\u00e9nyeit, \u00e9rt\u00e9keit, munk\u00e1nkat elfogulatlanul, k\u00f6r\u00fcltekint\u0151en, legjobb elm\u00e9leti \u00e9s gyakorlati tud\u00e1sunk szerint v\u00e9gezz\u00fck.<\/span><\/p>\n<h4><span class=\"s1\"><b>\u0150<del><\/del>szintes\u00e9g<\/b><\/span><\/h4>\n<p><em>\u201eAzt gondoljuk, amit mondunk. Azt tessz\u00fck, amit gondolunk.\u201d<\/em><\/p>\n<p><span class=\"s1\">Munk\u00e1nk sor\u00e1n \u0151szint\u00e9n szembez\u00fcnk a felmer\u00fcl\u0151 neh\u00e9zs\u00e9gekkel, besz\u00e9l\u00fcnk a kedvez\u0151 \u00e9s kedvez\u0151tlen ir\u00e1nyokr\u00f3l, tapasztalatokr\u00f3l, legyen sz\u00f3 saj\u00e1t munk\u00e1nkr\u00f3l, partnereinkr\u0151l vagy a t\u00e1gabb t\u00e1rsadalmi-politikai k\u00f6rnyezetr\u0151l.<\/span><\/p>\n<h4><span class=\"s1\"><b>M\u00e9lt\u00f3s\u00e1g<\/b><\/span><\/h4>\n<p><span class=\"s1\">Mindenkor megbecs\u00fclj\u00fck, tisztelj\u00fck, elismerj\u00fck partnereinket, valamint szem\u00e9lyhez f\u0171z\u0151d\u0151 jogaikat.<\/span><\/p>","protected":false},"excerpt":{"rendered":"<p>Az Alap\u00edtv\u00e1ny egy szellemi- \u00e9s gyakorlati m\u0171hely, amely &#8211; egyenl\u0151s\u00e9gelv\u0171 inkl\u00fazi\u00f3s megold\u00e1sokat, javaslatokat ny\u00fajt roma szakpolitik\u00e1k alak\u00edt\u00e1shoz, illetve; &#8211; szakmai t\u00e1mogat\u00e1st ad, egy\u00fcttm\u0171k\u00f6dik kisk\u00f6z\u00f6ss\u00e9gekkel, telep\u00fcl\u00e9sekkel, int\u00e9zm\u00e9nyekkel, seg\u00edti az el\u0151rel\u00e9p\u00e9shez sz\u00fcks\u00e9ges bizalom, egy\u00fcttm\u0171k\u00f6d\u00e9s ki\u00e9p\u00edt\u00e9s\u00e9t, &#8211; munk\u00e1j\u00e1val t\u00e1mogatja az akt\u00edv civil \u00f6nszervez\u0151d\u00e9sek l\u00e9trej\u00f6tt\u00e9t \u00e9s meger\u0151s\u00f6d\u00e9s\u00e9t. Az Auton\u00f3mia a rendszerv\u00e1lt\u00e1s ut\u00e1n, 1990-ben az egyik els\u0151 f\u00fcggetlen alap\u00edtv\u00e1nyk\u00e9nt j\u00f6tt [&hellip;]<\/p>\n","protected":false},"author":1,"featured_media":0,"parent":0,"menu_order":0,"comment_status":"closed","ping_status":"closed","template":"","meta":{"footnotes":""},"_links":{"self":[{"href":"https:\/\/autonomia.hu\/hu\/wp-json\/wp\/v2\/pages\/1022"}],"collection":[{"href":"https:\/\/autonomia.hu\/hu\/wp-json\/wp\/v2\/pages"}],"about":[{"href":"https:\/\/autonomia.hu\/hu\/wp-json\/wp\/v2\/types\/page"}],"author":[{"embeddable":true,"href":"https:\/\/autonomia.hu\/hu\/wp-json\/wp\/v2\/users\/1"}],"replies":[{"embeddable":true,"href":"https:\/\/autonomia.hu\/hu\/wp-json\/wp\/v2\/comments?post=1022"}],"version-history":[{"count":38,"href":"https:\/\/autonomia.hu\/hu\/wp-json\/wp\/v2\/pages\/1022\/revisions"}],"predecessor-version":[{"id":3803,"href":"https:\/\/autonomia.hu\/hu\/wp-json\/wp\/v2\/pages\/1022\/revisions\/3803"}],"wp:attachment":[{"href":"https:\/\/autonomia.hu\/hu\/wp-json\/wp\/v2\/media?parent=1022"}],"curies":[{"name":"wp","href":"https:\/\/api.w.org\/{rel}","templated":true}]}}